{"id":67,"date":"2023-01-17T17:34:58","date_gmt":"2023-01-17T16:34:58","guid":{"rendered":"https:\/\/www.madrigalchor-brakel.de\/wp_2023\/?page_id=67"},"modified":"2023-01-19T13:14:53","modified_gmt":"2023-01-19T12:14:53","slug":"mitglieder","status":"publish","type":"page","link":"https:\/\/www.madrigalchor-brakel.de\/wp_2023\/mitglieder\/","title":{"rendered":"Mitglieder"},"content":{"rendered":"\n<p>Der Madrigalchor Brakel e.V. hat zurzeit ca. 65 aktive Mitglieder aus dem gesamten Kreisgebiet und dar\u00fcber hinaus. Menschen aus Bad Driburg, Horn &#8211; Bad Meinberg, H\u00f6xter, Holzminden, Beverungen, Bad Karlshafen, Peckelsheim, Steinheim und Marienm\u00fcnster nehmen an unseren Projekten teil. <\/p>\n\n\n\n<div style=\"height:40px\" aria-hidden=\"true\" class=\"wp-block-spacer\"><\/div>\n\n\n\n<hr class=\"wp-block-separator has-alpha-channel-opacity\"\/>\n\n\n\n<div style=\"height:40px\" aria-hidden=\"true\" class=\"wp-block-spacer\"><\/div>\n\n\n\n<h2 class=\"wp-block-heading\">Mitglied werden<\/h2>\n\n\n\n<p>Haben Sie Interesse, bedeutende Chorliteratur in einem netten Kreis Gleichgesinnter kennen zu lernen? St\u00f6rt es Sie schon lange, den Dirigenten im Konzert nur von hinten zu sehen? Dann m\u00f6chten wir Sie herzlich einladen, einmal unverbindlich (oder auch auf Dauer) an den Proben des Madrigalchores Brakel teilzunehmen.<\/p>\n\n\n\n<p>Unseren Mitgliedsantrag k\u00f6nnen Sie hier herunterladen. <\/p>\n","protected":false},"excerpt":{"rendered":"<p>Der Madrigalchor Brakel e.V. hat zurzeit ca. 65 aktive Mitglieder aus dem gesamten Kreisgebiet und dar\u00fcber hinaus. Menschen aus Bad Driburg, Horn &#8211; Bad Meinberg, H\u00f6xter, Holzminden, Beverungen, Bad Karlshafen, Peckelsheim, Steinheim und Marienm\u00fcnster nehmen an unseren Projekten teil. Mitglied werden Haben Sie Interesse, bedeutende Chorliteratur in einem netten Kreis Gleichgesinnter kennen zu lernen? St\u00f6rt <a class=\"read-more\" href=\"https:\/\/www.madrigalchor-brakel.de\/wp_2023\/mitglieder\/\">weiter lesen<\/a><\/p>\n","protected":false},"author":1,"featured_media":0,"parent":0,"menu_order":0,"comment_status":"closed","ping_status":"closed","template":"","meta":{"footnotes":""},"class_list":["post-67","page","type-page","status-publish","hentry"],"_links":{"self":[{"href":"https:\/\/www.madrigalchor-brakel.de\/wp_2023\/wp-json\/wp\/v2\/pages\/67","targetHints":{"allow":["GET"]}}],"collection":[{"href":"https:\/\/www.madrigalchor-brakel.de\/wp_2023\/wp-json\/wp\/v2\/pages"}],"about":[{"href":"https:\/\/www.madrigalchor-brakel.de\/wp_2023\/wp-json\/wp\/v2\/types\/page"}],"author":[{"embeddable":true,"href":"https:\/\/www.madrigalchor-brakel.de\/wp_2023\/wp-json\/wp\/v2\/users\/1"}],"replies":[{"embeddable":true,"href":"https:\/\/www.madrigalchor-brakel.de\/wp_2023\/wp-json\/wp\/v2\/comments?post=67"}],"version-history":[{"count":3,"href":"https:\/\/www.madrigalchor-brakel.de\/wp_2023\/wp-json\/wp\/v2\/pages\/67\/revisions"}],"predecessor-version":[{"id":253,"href":"https:\/\/www.madrigalchor-brakel.de\/wp_2023\/wp-json\/wp\/v2\/pages\/67\/revisions\/253"}],"wp:attachment":[{"href":"https:\/\/www.madrigalchor-brakel.de\/wp_2023\/wp-json\/wp\/v2\/media?parent=67"}],"curies":[{"name":"wp","href":"https:\/\/api.w.org\/{rel}","templated":true}]}}